{"id":767,"date":"2018-08-22T12:27:33","date_gmt":"2018-08-22T15:27:33","guid":{"rendered":"http:\/\/saojosedoipiranga.com.br\/site\/?page_id=767"},"modified":"2021-02-25T14:58:35","modified_gmt":"2021-02-25T17:58:35","slug":"oleo-lucenario","status":"publish","type":"page","link":"https:\/\/saojosedoipiranga.com.br\/new\/oleo-lucenario\/","title":{"rendered":"\u00d3leo &#8211; Lucen\u00e1rio"},"content":{"rendered":"\n<h2 class=\"wp-block-heading\">O \u00d3leo<\/h2>\n\n\n\n<hr class=\"wp-block-separator\"\/>\n\n\n\n<p>Em vista da celebra\u00e7\u00e3o do centen\u00e1rio de S\u00e3o Jos\u00e9, come\u00e7amos em 2017, a celebrar, em nossa par\u00f3quia o Lucern\u00e1rio de S\u00e3o Jos\u00e9.<\/p>\n\n\n\n<div align=\"justify\"><strong>O QUE SIGNIFICA LUCERN\u00c1RIO?<br><\/strong>A palavra lucern\u00e1rio tem sua origem em lucena, pequena luz ou candeeiro que, quando colocado em um lugar alto, brilha no meio das trevas. Cristo \u00e9 a luz do mundo que iluminou S\u00e3o Jos\u00e9, fazendo brilhar nele as virtudes do alto. O Lucern\u00e1rio de S\u00e3o Jos\u00e9 \u00e9 um momento celebrativo comunit\u00e1rio a ser realizado nos sete domingos que antecedem a festa de S\u00e3o Jos\u00e9 e tem como finalidade a prepara\u00e7\u00e3o do \u00d3leo de S\u00e3o Jos\u00e9.<\/div>\n\n\n\n<p><\/p>\n\n\n\n<div align=\"justify\"><strong>O QUE \u00c9 O \u00d3LEO DE S\u00c3O JOS\u00c9?<br><\/strong>Para compreender a motiva\u00e7\u00e3o para o uso do \u00d3leo de S\u00e3o Jos\u00e9, voltemo-nos,antes de tudo, para a Palavra de Deus. O salmo 104 enumera tr\u00eas elementosconsiderados d\u00e1divas da bondade de Deus: \u201co vinho que alegra o cora\u00e7\u00e3o do homem, o \u00f3leo que d\u00e1 brilho \u00e0s faces e o p\u00e3o que renova as for\u00e7as\u201d. Estes tr\u00eas elementos s\u00e3o usados como sinais da a\u00e7\u00e3o de Deus desde os tempos b\u00edblicos. Cristo e seus ap\u00f3stolos usavam coisas simples como lama, \u00f3leo e \u00e1gua como sinais sens\u00edveis para despertar a f\u00e9. O Evangelho relata que \u201cJesus cuspiu no ch\u00e3o e fez lodo com a saliva, passou nos olhos do cego e disse-lhe: \u201cV\u00e1 lavar-se no tanque de Silo\u00e9.\u201d Este \u00e9 o esp\u00edrito que motiva ao uso do \u00d3leo de S\u00e3o Jos\u00e9, um elemento simples para animar-nos na f\u00e9 sobrenatural.Igualmente na tradi\u00e7\u00e3o de piedade da Igreja encontramos o \u00f3leo como umsacramental. Alguns textos de S\u00e3o Jo\u00e3o Cris\u00f3stomo, de Greg\u00f3rio de Tours e outros autores atestam que no s\u00e9culo IV, al\u00e9m do uso lit\u00fargico, o \u00f3leo era amplamente usado na piedade do povo crist\u00e3o. Sabe-se que o costume iniciou com os crist\u00e3os na Roma Antiga.Quando rezavam nas catacumbas, colocavam l\u00e2mpadas de \u00f3leo para queimar perto dos t\u00famulos dos m\u00e1rtires, e depois levavam esse \u00f3leo para se ungirem. O costume foi difundido para outros lugares e de forma especial nos santu\u00e1rios e lugares de peregrina\u00e7\u00e3o como a Bas\u00edlica da Santa Cruz em Jerusal\u00e9m, e na Europa, a exemplo do t\u00famulo de S\u00e3o Martinho na Fran\u00e7a. Esta pr\u00e1tica sobreviveu em muitos santu\u00e1rios.O uso do \u00d3leo de S\u00e3o Jos\u00e9 come\u00e7ou com Irm\u00e3o Andr\u00e9 fundador de um grandeSantu\u00e1rio de S\u00e3o Jos\u00e9 no Canad\u00e1, inspirado pelo uso piedoso do \u00f3leo nos santu\u00e1rios da Europa. Quando ia visitar os doentes, o irm\u00e3o Andr\u00e9 levava um pouco de \u00f3leo vegetal tirado de uma l\u00e2mpada votiva que ardia diante da est\u00e1tua de S\u00e3o Jos\u00e9. Ele recomendava aos pacientes que usarem o \u00f3leo como um sinal de f\u00e9. E ainda insistia na necessidade de ora\u00e7\u00e3o e convers\u00e3o do cora\u00e7\u00e3o, porque de nada adianta limpar o exterior, mantendo o interior cheio de ego\u00edsmo e de todo tipo de mal, como lemos no evangelho (Lc 11,38).Irm\u00e3o Andr\u00e9 retomou esse antigo gesto para expressar sua confian\u00e7a em Deus e na intercess\u00e3o de S\u00e3o Jos\u00e9. Entendia que esse gesto \u00e9 pr\u00f3prio de quem ora e possui uma f\u00e9 viva. Para Irm\u00e3o Andr\u00e9 a pr\u00e1tica n\u00e3o era um rito m\u00e1gico, e explicava: \u201co \u00f3leo e a medalha nos ajuda a pensar melhor em S\u00e3o Jos\u00e9, anima nossa confian\u00e7a na sua intercess\u00e3o.\u201d<\/div>\n\n\n\n<div align=\"justify\"><br>\n<strong>ORA\u00c7\u00c3O DE S\u00daPLICA<br><\/strong>Senhor Jesus Cristo, que dissestes: pedi e recebereis, buscai e achareis, batei e vos ser\u00e1 aberto, n\u00f3s Vos suplicamos que sejamos agraciados com o dom da fortaleza, da confian\u00e7a e da sa\u00fade, para que, como S\u00e3o Jos\u00e9, Vos amemos de todo o nosso cora\u00e7\u00e3o, por palavras e a\u00e7\u00f5es e nunca deixemos de Vos louvar.\n<br>Reza-se um Pai Nosso.<\/div>\n\n\n\n<ul class=\"wp-block-list\"><li class=\"\">S\u00e3o Jos\u00e9, consolador dos doentes, rogai por n\u00f3s. (passa-se um pouco do \u00f3leo de S\u00e3o Jos\u00e9 sobre a testa, formando uma cruz).<\/li><\/ul>\n\n\n\n<p><\/p>\n\n\n\n<p><strong>ORA\u00c7\u00c3O DE LOUVOR<br><\/strong>Louvem ao Senhor, todas as na\u00e7\u00f5es; louvai-o, todos os povos! Porque est\u00e1 confirmada sobre n\u00f3s a sua miseric\u00f3rdia, Ele \u00e9 nosso libertador, fortaleza e abrigo, Nele sempre esperamos porque a fidelidade do Senhor permanece eternamente. Demos gl\u00f3ria a Deus Pai onipotente e a seu Filho, Jesus Cristo, Senhor nosso, e ao Esp\u00edrito que habita em nosso peito pelos s\u00e9culos dos s\u00e9culos. <\/p>\n\n\n\n<p>Am\u00e9m.<\/p>\n\n    <div class=\"xs_social_share_widget xs_share_url after_content \t\tmain_content  wslu-style-1 wslu-share-box-shaped wslu-fill-colored wslu-none wslu-share-horizontal wslu-theme-font-no wslu-main_content\">\n\n\t\t\n        <ul>\n\t\t\t        <\/ul>\n    <\/div> \n","protected":false},"excerpt":{"rendered":"<p>O \u00d3leo Em vista da celebra\u00e7\u00e3o do centen\u00e1rio de S\u00e3o Jos\u00e9, come\u00e7amos em 2017, a celebrar, em nossa par\u00f3quia o Lucern\u00e1rio de S\u00e3o Jos\u00e9. O QUE SIGNIFICA LUCERN\u00c1RIO?A palavra lucern\u00e1rio&hellip; <br \/> <a class=\"read-more\" href=\"https:\/\/saojosedoipiranga.com.br\/new\/oleo-lucenario\/\">Leia mais<\/a><\/p>\n","protected":false},"author":3,"featured_media":2618,"parent":0,"menu_order":0,"comment_status":"closed","ping_status":"closed","template":"","meta":{"_vp_format_video_url":"","_vp_image_focal_point":[],"footnotes":""},"class_list":["post-767","page","type-page","status-publish","has-post-thumbnail","hentry"],"_links":{"self":[{"href":"https:\/\/saojosedoipiranga.com.br\/new\/wp-json\/wp\/v2\/pages\/767","targetHints":{"allow":["GET"]}}],"collection":[{"href":"https:\/\/saojosedoipiranga.com.br\/new\/wp-json\/wp\/v2\/pages"}],"about":[{"href":"https:\/\/saojosedoipiranga.com.br\/new\/wp-json\/wp\/v2\/types\/page"}],"author":[{"embeddable":true,"href":"https:\/\/saojosedoipiranga.com.br\/new\/wp-json\/wp\/v2\/users\/3"}],"replies":[{"embeddable":true,"href":"https:\/\/saojosedoipiranga.com.br\/new\/wp-json\/wp\/v2\/comments?post=767"}],"version-history":[{"count":21,"href":"https:\/\/saojosedoipiranga.com.br\/new\/wp-json\/wp\/v2\/pages\/767\/revisions"}],"predecessor-version":[{"id":3862,"href":"https:\/\/saojosedoipiranga.com.br\/new\/wp-json\/wp\/v2\/pages\/767\/revisions\/3862"}],"wp:featuredmedia":[{"embeddable":true,"href":"https:\/\/saojosedoipiranga.com.br\/new\/wp-json\/wp\/v2\/media\/2618"}],"wp:attachment":[{"href":"https:\/\/saojosedoipiranga.com.br\/new\/wp-json\/wp\/v2\/media?parent=767"}],"curies":[{"name":"wp","href":"https:\/\/api.w.org\/{rel}","templated":true}]}}