{"id":761,"date":"2018-08-22T12:26:44","date_gmt":"2018-08-22T15:26:44","guid":{"rendered":"http:\/\/saojosedoipiranga.com.br\/site\/?page_id=761"},"modified":"2021-02-25T14:59:43","modified_gmt":"2021-02-25T17:59:43","slug":"cordao-de-sao-jose","status":"publish","type":"page","link":"https:\/\/saojosedoipiranga.com.br\/new\/cordao-de-sao-jose\/","title":{"rendered":"Cord\u00e3o"},"content":{"rendered":"\n<h2 class=\"wp-block-heading\">O Cord\u00e3o de S\u00e3o Jos\u00e9<\/h2>\n\n\n\n<hr class=\"wp-block-separator\"\/>\n\n\n\n<div align=\"justify\"><p>A devoc\u00e1ro do cord\u00e3o de S\u00e3o Jos\u00e9 surgiu no s\u00e9culo XVII, em Atu\u00e9rpia, na B\u00e9lgica, no convento das agostinianas da cidade de Anvers. Nesse convento das agostinianas havia uma religiosa chamada S\u00f3ror Isabel de Sillevorts, que estava sofrendo do &#8220;mal da pedra&#8221;(c\u00e1lculos renais) e todos os recursos da medicina de ent\u00e3o de nada lhe serviam. Confiante no patroc\u00ednio do glorioso S\u00e3o Jos\u00e9, a citada religiosa pediu ao sacerdote que benzesse um cord\u00e3o, o qual colocou em sua cintura, abandonando os m\u00e9todos terap\u00eauticos e iniciando uma novena ao grande Patriarca.<\/p><\/div><br>\n\n\n\n<div align=\"justify\"><p>No dia 10 de julho de 1649, quando a doente fazia ao Santo as suas s\u00faplicas, de repente viu-se de um c\u00e1lculo de desproporcionado tamanho, ficando, completamente, curada. O acontecimento repercutiu em toda a cidade, servindo para consolidar em seus habitantes a devo\u00e7\u00e3o a S\u00e3o Jos\u00e9. Em 1842, por ocasi\u00e3o dos piedosos exerc\u00edcios do m\u00eas de S\u00e3o Jos\u00e9, esse fato foi publicado na Igreja de S\u00e3o Nicolau, em Verona (It\u00e1lia), e muitos doentes, cingindo o cord\u00e3o bento, obtiveram a cura por intercess\u00e3o do Santo. <\/p><\/div><br>\n\n\n\n<div align=\"justify\"><p>Hoje o cord\u00e3o de S\u00e3o Jos\u00e9 \u00e9 autorizado pela Santa S\u00e9, tanto para devo\u00e7\u00e3o privada como para pr\u00e1tica p\u00fablica e solene. Permitiu ainda a funda\u00e7\u00e3o de confrarias e arquiconfrarias de cord\u00e3o de S\u00e3o Jos\u00e9. O Papa Pio IX enriqueceu-a com indulg\u00eancias.&nbsp;<\/p><\/div><br>\n\n\n\n<p><strong>INDULG\u00caNCIAS PELO USO DO CORD\u00c3O&nbsp;<\/strong><\/p>\n\n\n\n<p>Dias nos quais se lucram indulg\u00eancias plen\u00e1rias trazendo consigo o cord\u00e3o:&nbsp;<\/p>\n\n\n\n<ul class=\"wp-block-list\"><li>no dia do recebimento do cord\u00e3o;<\/li><li>no Natal (25\/12);&nbsp;<\/li><li>na festa de Nossa M\u00e3e de Deus e Circuncis\u00e3o (1\/1);<\/li><li>na festa de Reis (6\/1);<\/li><li>na festa da P\u00e1scoa de Corpus Christi;&nbsp;<\/li><li>na festa do Sagrado Cora\u00e7\u00e3o de Jesus;<\/li><li>na festa de S\u00e3o Jos\u00e9 (19\/3);&nbsp;<\/li><li>na festa dos Esponsais de S\u00e3o Jos\u00e9 Oper\u00e1rio (1\/5);<\/li><li>na festa da Assna festa do Imaculado Cora\u00e7\u00e3o de Maria (22\/8);<\/li><li>un\u00e7\u00e3o de Nossa Senhora (15\/8);<\/li><li>em perigo de morte.<\/li><\/ul>\n\n\n\n<p><strong>CONDI\u00c7\u00d5ES PARA GANHAR AS INDULG\u00caNCIAS PLEN\u00c1RIAS:<\/strong><\/p>\n\n\n\n<ol class=\"wp-block-list\"><li class=\"\">confiss\u00e3o;<\/li><li class=\"\">comunh\u00e3o;<\/li><li class=\"\">um Pai Nosso, uma Ave Maria e um Gl\u00f3ria ao Pai, nas inten\u00e7\u00f5es do Santo Padre o Papa.<\/li><\/ol>\n\n\n\n<div align=\"justify\"><p>REQUISITOS PARA USO DO CORD\u00c3O\nRezar diariamente sete Gl\u00f3rias ao Pai, em honra das sete dores e das sete alegrias de S\u00e3o Jos\u00e9.ORA\u00c7\u00c3O:Glorioso S\u00e3o Jos\u00e9, pai e protetor das virgens, guarda fiel a quem Deus confiou Jesus Cristo, a pr\u00f3pria inoc\u00eancia, e Maria, a Virgem das virgens; eu vos pe\u00e7o e rogo por Jesus e Maria, esse d\u00faplice dep\u00f3sito que vos foi t\u00e3o querido, que fa\u00e7ais que eu, livre de toda manha, com a alma n\u00e3o contaminada, o cora\u00e7\u00e3o puro e o corpo casto, sirva a Jesus e Maria. Assim seja.<\/p><\/div>\n\n\n\n<p><\/p>\n\n\n\n<p><strong>MODO DE USAR E BENEF\u00cdCIOSO <\/strong><\/p>\n\n\n\n<p>Cord\u00e3o de S\u00e3o Jos\u00e9, desde que esteja devidamente bento, pode ser usado do seguinte modo:<\/p>\n\n\n\n<div align=\"justify\">Cingido \u00e0 cintura, por sobre a roupa ou bem guardado, para em ocasi\u00f5es de dores e sofrimentos f\u00edsicos aplic\u00e1-los com f\u00e9 e confian\u00e7a na parte doente do corpo, como costumamos fazer com as medalhas do Senhor Bom Jesus e de Nossa Senhora, rezando ent\u00e3o a S\u00e3o Jos\u00e9 sete Gl\u00f3rias ao Pai. Quem usa habitualmente o Cord\u00e3o de S\u00e3o Jos\u00e9 tem a gra\u00e7a da boa morte. Quem o traz constantemente consigo tem a prote\u00e7\u00e3o, especialmente na guarda e defesa da sublime virtude da castidade, em qualquer dos seus graus e categorias. \u00c9 de efeito surpreendente para as gestantes, que o levam cingido, protegendo-as em perigo de aborto, nos partos dif\u00edceis etc, como o atestam centenas de fatos. Tamb\u00e9m pode ser usado das seguintes formas: no carro, nos livros escolares, na carteira de documentos, na carteira de motorista, no travesseiro etc. Pode tamb\u00e9m ser colocado na cabeceira do doente e no punho. As pessoas que usam, habitualmente, o Cord\u00e3o de S\u00e3o Jos\u00e9 ter\u00e3o a gra\u00e7a da boa morte. Aqueles que o trazem consigo, constantemente t\u00eam a prote\u00e7\u00e3o, especialmente, na guarda e na defesa da sublime virtude da castidade, em qualquer de seus tr\u00eas graus e categorias.<\/div>\n\n\n\n<hr class=\"wp-block-separator\"\/>\n\n    <div class=\"xs_social_share_widget xs_share_url after_content \t\tmain_content  wslu-style-1 wslu-share-box-shaped wslu-fill-colored wslu-none wslu-share-horizontal wslu-theme-font-no wslu-main_content\">\n\n\t\t\n        <ul>\n\t\t\t        <\/ul>\n    <\/div> \n","protected":false},"excerpt":{"rendered":"<p>O Cord\u00e3o de S\u00e3o Jos\u00e9 A devoc\u00e1ro do cord\u00e3o de S\u00e3o Jos\u00e9 surgiu no s\u00e9culo XVII, em Atu\u00e9rpia, na B\u00e9lgica, no convento das agostinianas da cidade de Anvers. Nesse convento&hellip; <br \/> <a class=\"read-more\" href=\"https:\/\/saojosedoipiranga.com.br\/new\/cordao-de-sao-jose\/\">Leia mais<\/a><\/p>\n","protected":false},"author":3,"featured_media":2618,"parent":0,"menu_order":0,"comment_status":"closed","ping_status":"closed","template":"page-templates\/page-with-right-sidebar.php","meta":{"_vp_format_video_url":"","_vp_image_focal_point":{"x":0,"y":0},"footnotes":""},"class_list":["post-761","page","type-page","status-publish","has-post-thumbnail","hentry"],"_links":{"self":[{"href":"https:\/\/saojosedoipiranga.com.br\/new\/wp-json\/wp\/v2\/pages\/761","targetHints":{"allow":["GET"]}}],"collection":[{"href":"https:\/\/saojosedoipiranga.com.br\/new\/wp-json\/wp\/v2\/pages"}],"about":[{"href":"https:\/\/saojosedoipiranga.com.br\/new\/wp-json\/wp\/v2\/types\/page"}],"author":[{"embeddable":true,"href":"https:\/\/saojosedoipiranga.com.br\/new\/wp-json\/wp\/v2\/users\/3"}],"replies":[{"embeddable":true,"href":"https:\/\/saojosedoipiranga.com.br\/new\/wp-json\/wp\/v2\/comments?post=761"}],"version-history":[{"count":23,"href":"https:\/\/saojosedoipiranga.com.br\/new\/wp-json\/wp\/v2\/pages\/761\/revisions"}],"predecessor-version":[{"id":3868,"href":"https:\/\/saojosedoipiranga.com.br\/new\/wp-json\/wp\/v2\/pages\/761\/revisions\/3868"}],"wp:featuredmedia":[{"embeddable":true,"href":"https:\/\/saojosedoipiranga.com.br\/new\/wp-json\/wp\/v2\/media\/2618"}],"wp:attachment":[{"href":"https:\/\/saojosedoipiranga.com.br\/new\/wp-json\/wp\/v2\/media?parent=761"}],"curies":[{"name":"wp","href":"https:\/\/api.w.org\/{rel}","templated":true}]}}