{"id":299,"date":"2017-09-26T14:14:20","date_gmt":"2017-09-26T17:14:20","guid":{"rendered":"http:\/\/saojosedoipiranga.com.br\/site\/?page_id=299"},"modified":"2022-09-20T14:20:21","modified_gmt":"2022-09-20T17:20:21","slug":"liturgia","status":"publish","type":"page","link":"https:\/\/saojosedoipiranga.com.br\/new\/pastorais\/liturgia\/","title":{"rendered":"Liturgia"},"content":{"rendered":"\n<h2 class=\"wp-block-heading\">Pastoral da Liturgia<\/h2>\n\n\n\n<hr class=\"wp-block-separator\"\/>\n\n\n<p style=\"text-align: justify;\"><img decoding=\"async\" class=\"size-full wp-image-300 alignleft\" src=\"http:\/\/saojosedoipiranga.com.br\/site\/wp-content\/uploads\/2017\/09\/img_pastoralliturgica01.jpg\" alt=\"\" width=\"202\" height=\"199\" \/>Pastoral Lit\u00fargica \u00e9 o modo de organizar a comunidade, visando a forma\u00e7\u00e3o lit\u00fargica, a prepara\u00e7\u00e3o e a realiza\u00e7\u00e3o de celebra\u00e7\u00f5es. Desta defini\u00e7\u00e3o vamos destacar tr\u00eas palavras:<\/p>\n<p style=\"text-align: justify;\"><strong>Organiza\u00e7\u00e3o:<\/strong>\u00a0a\u00a0primeira fun\u00e7\u00e3o da Pastoral Lit\u00fargica \u00e9 organizar a Liturgia que acontece em uma comunidade. Isso tem uma s\u00e9rie de conseq\u00fc\u00eancias: \u00e9 preciso organizar a Pastoral Lit\u00fargica em equipes. Apontaremos tr\u00eas:\u00a0equipe lit\u00fargica;\u00a0equipe de celebra\u00e7\u00e3o; equipe do minist\u00e9rio da m\u00fasica.<\/p>\n<p style=\"text-align: justify;\"><strong>Equipe lit\u00fargica:<\/strong><em>\u00a0<\/em>tem como finalidade organizar todo o trabalho lit\u00fargico da comunidade: missas, celebra\u00e7\u00f5es, horas santas, prociss\u00f5es, celebra\u00e7\u00f5es catequ\u00e9ticas, etc.<\/p>\n<p style=\"text-align: justify;\"><strong>Equipes de celebra\u00e7\u00e3o:<\/strong><em>\u00a0<\/em>s\u00e3o encarregadas de fazer acontecer a celebra\u00e7\u00e3o. Trabalham sempre em sintonia com o pessoal da m\u00fasica e com o padre. Se a equipe lit\u00fargica \u00e9 fixa, ao menos por um per\u00edodo, as equipes de celebra\u00e7\u00f5es s\u00e3o vari\u00e1veis; s\u00e3o constitu\u00eddas para uma missa ou para alguma celebra\u00e7\u00e3o. Sempre, contudo, tais equipes devem ser constitu\u00eddas com anteced\u00eancia. N\u00e3o se admite que antes da missa, por exemplo, algu\u00e9m saia pela igreja \u00e0 procura de pessoas para fazer leituras, coment\u00e1rios ou coisas do g\u00eanero.<\/p>\n<p style=\"text-align: justify;\"><strong>Equipes do Minist\u00e9rio da M\u00fasica:\u00a0<\/strong>como o termo j\u00e1 diz, \u00e9 a respons\u00e1vel pela m\u00fasica nas celebra\u00e7\u00f5es. Deve conhecer bem e ensaiar os c\u00e2nticos periodicamente com a comunidade, estar atenta aos instrumentistas para perceber quem est\u00e1 capacitado a tocar algum instrumento na celebra\u00e7\u00e3o, providenciar instrumentos e aparelhos de som que ajudem a celebrar bem.<\/p>\n<p style=\"text-align: justify;\"><strong>Forma\u00e7\u00e3o:<\/strong>\u00a0a segunda fun\u00e7\u00e3o da pastoral lit\u00fargica \u00e9 a forma\u00e7\u00e3o. Esta deve ser vista em dois n\u00edveis: a daqueles que fazer parte da pastoral lit\u00fargica e a de toda a comunidade.<\/p>\n<hr \/>\n<p>\u00a0<\/p>\n    <div class=\"xs_social_share_widget xs_share_url after_content \t\tmain_content  wslu-style-1 wslu-share-box-shaped wslu-fill-colored wslu-none wslu-share-horizontal wslu-theme-font-no wslu-main_content\">\n\n\t\t\n        <ul>\n\t\t\t        <\/ul>\n    <\/div> \n","protected":false},"excerpt":{"rendered":"<p>Pastoral da Liturgia Pastoral Lit\u00fargica \u00e9 o modo de organizar a comunidade, visando a forma\u00e7\u00e3o lit\u00fargica, a prepara\u00e7\u00e3o e a realiza\u00e7\u00e3o de celebra\u00e7\u00f5es. Desta defini\u00e7\u00e3o vamos destacar tr\u00eas palavras: Organiza\u00e7\u00e3o:\u00a0a\u00a0primeira&hellip; <br \/> <a class=\"read-more\" href=\"https:\/\/saojosedoipiranga.com.br\/new\/pastorais\/liturgia\/\">Leia mais<\/a><\/p>\n","protected":false},"author":3,"featured_media":2632,"parent":64,"menu_order":0,"comment_status":"closed","ping_status":"closed","template":"page-templates\/sidebar-page.php","meta":{"_vp_format_video_url":"","_vp_image_focal_point":[],"footnotes":""},"class_list":["post-299","page","type-page","status-publish","has-post-thumbnail","hentry"],"_links":{"self":[{"href":"https:\/\/saojosedoipiranga.com.br\/new\/wp-json\/wp\/v2\/pages\/299","targetHints":{"allow":["GET"]}}],"collection":[{"href":"https:\/\/saojosedoipiranga.com.br\/new\/wp-json\/wp\/v2\/pages"}],"about":[{"href":"https:\/\/saojosedoipiranga.com.br\/new\/wp-json\/wp\/v2\/types\/page"}],"author":[{"embeddable":true,"href":"https:\/\/saojosedoipiranga.com.br\/new\/wp-json\/wp\/v2\/users\/3"}],"replies":[{"embeddable":true,"href":"https:\/\/saojosedoipiranga.com.br\/new\/wp-json\/wp\/v2\/comments?post=299"}],"version-history":[{"count":6,"href":"https:\/\/saojosedoipiranga.com.br\/new\/wp-json\/wp\/v2\/pages\/299\/revisions"}],"predecessor-version":[{"id":5156,"href":"https:\/\/saojosedoipiranga.com.br\/new\/wp-json\/wp\/v2\/pages\/299\/revisions\/5156"}],"up":[{"embeddable":true,"href":"https:\/\/saojosedoipiranga.com.br\/new\/wp-json\/wp\/v2\/pages\/64"}],"wp:featuredmedia":[{"embeddable":true,"href":"https:\/\/saojosedoipiranga.com.br\/new\/wp-json\/wp\/v2\/media\/2632"}],"wp:attachment":[{"href":"https:\/\/saojosedoipiranga.com.br\/new\/wp-json\/wp\/v2\/media?parent=299"}],"curies":[{"name":"wp","href":"https:\/\/api.w.org\/{rel}","templated":true}]}}