{"id":292,"date":"2017-09-26T14:10:46","date_gmt":"2017-09-26T17:10:46","guid":{"rendered":"http:\/\/saojosedoipiranga.com.br\/site\/?page_id=292"},"modified":"2022-09-20T14:19:47","modified_gmt":"2022-09-20T17:19:47","slug":"ecc-encontro-de-casais-com-cristo","status":"publish","type":"page","link":"https:\/\/saojosedoipiranga.com.br\/new\/pastorais\/ecc-encontro-de-casais-com-cristo\/","title":{"rendered":"ECC"},"content":{"rendered":"\n<h2 class=\"wp-block-heading\">Encontro de Casais com Cristo<\/h2>\n\n\n\n<hr class=\"wp-block-separator\"\/>\n\n\n<p style=\"text-align: justify;\">O ECC \u00e9 um movimento da Igreja Cat\u00f3lica, no qual tem por objetivo evangelizar casais e coloca-los na experi\u00eancia de viver no amor de Cristo, contribuindo para que o amor e a harmonia no matrim\u00f4nio seja uma verdade e se estenda a todos aos que a seu redor se encontram: fam\u00edlia, amigos, comunidade, trabalho&#8230;E que possam estar presentes nas pastorais se doando e fortalecendo a uni\u00e3o da Igreja.<\/p>\n<p style=\"text-align: justify;\">O Encontro de Casais com Cristo, acontece 2 vezes por ano, normalmente em Maio e Outubro.<\/p>\n<p>\u00a0<\/p>\n\n\n<hr class=\"wp-block-separator\"\/>\n\n\n\n<h2 class=\"wp-block-heading\">Not\u00edcias do E.C.C<\/h2>\n\n\n<div class=\"pt-cv-wrapper\"><div class=\"pt-cv-view pt-cv-grid pt-cv-colsys\" id=\"pt-cv-view-acc30c2h7r\"><div data-id=\"pt-cv-page-1\" class=\"pt-cv-page\" data-cvc=\"2\"><div class=\"col-md-6 col-sm-6 col-xs-12 pt-cv-content-item pt-cv-1-col\" ><div class='pt-cv-ifield'><a href=\"https:\/\/saojosedoipiranga.com.br\/new\/2022\/10\/06\/ministerio-das-ostiarias\/\" class=\"_self pt-cv-href-thumbnail pt-cv-thumb-default\" target=\"_self\" ><img fetchpriority=\"high\" decoding=\"async\" width=\"225\" height=\"300\" src=\"https:\/\/saojosedoipiranga.com.br\/new\/wp-content\/uploads\/2022\/09\/presbiterio-verde-225x300.jpg\" class=\"pt-cv-thumbnail\" alt=\"\" srcset=\"https:\/\/saojosedoipiranga.com.br\/new\/wp-content\/uploads\/2022\/09\/presbiterio-verde-225x300.jpg 225w, https:\/\/saojosedoipiranga.com.br\/new\/wp-content\/uploads\/2022\/09\/presbiterio-verde-769x1024.jpg 769w, https:\/\/saojosedoipiranga.com.br\/new\/wp-content\/uploads\/2022\/09\/presbiterio-verde-768x1022.jpg 768w, https:\/\/saojosedoipiranga.com.br\/new\/wp-content\/uploads\/2022\/09\/presbiterio-verde-1154x1536.jpg 1154w, https:\/\/saojosedoipiranga.com.br\/new\/wp-content\/uploads\/2022\/09\/presbiterio-verde-1538x2048.jpg 1538w, https:\/\/saojosedoipiranga.com.br\/new\/wp-content\/uploads\/2022\/09\/presbiterio-verde-500x666.jpg 500w, https:\/\/saojosedoipiranga.com.br\/new\/wp-content\/uploads\/2022\/09\/presbiterio-verde-800x1065.jpg 800w, https:\/\/saojosedoipiranga.com.br\/new\/wp-content\/uploads\/2022\/09\/presbiterio-verde-1280x1704.jpg 1280w, https:\/\/saojosedoipiranga.com.br\/new\/wp-content\/uploads\/2022\/09\/presbiterio-verde-1024x1363.jpg 1024w, https:\/\/saojosedoipiranga.com.br\/new\/wp-content\/uploads\/2022\/09\/presbiterio-verde-811x1080.jpg 811w, https:\/\/saojosedoipiranga.com.br\/new\/wp-content\/uploads\/2022\/09\/presbiterio-verde.jpg 1772w\" sizes=\"(max-width: 225px) 100vw, 225px\" \/><\/a>\n<h4 class=\"pt-cv-title\"><a href=\"https:\/\/saojosedoipiranga.com.br\/new\/2022\/10\/06\/ministerio-das-ostiarias\/\" class=\"_self\" target=\"_self\" >Minist\u00e9rio das Osti\u00e1rias<\/a><\/h4>\n<div class=\"pt-cv-content\">Aqui na Par\u00f3quia S\u00e3o Jos\u00e9 contamos com muitas equipes que formam pastorais, movimentos, servi\u00e7os e minist\u00e9rios, com a miss\u00e3o linda ...<br \/><div class=\"pt-cv-rmwrap\"><a href=\"https:\/\/saojosedoipiranga.com.br\/new\/2022\/10\/06\/ministerio-das-ostiarias\/\" class=\"_self pt-cv-readmore btn btn-success\" target=\"_self\">Leia Mais<\/a><\/div><\/div><\/div><\/div>\n<div class=\"col-md-6 col-sm-6 col-xs-12 pt-cv-content-item pt-cv-1-col\" ><div class='pt-cv-ifield'><a href=\"https:\/\/saojosedoipiranga.com.br\/new\/2022\/04\/06\/domingo-de-ramos\/\" class=\"_self pt-cv-href-thumbnail pt-cv-thumb-default\" target=\"_self\" ><img decoding=\"async\" width=\"300\" height=\"200\" src=\"https:\/\/saojosedoipiranga.com.br\/new\/wp-content\/uploads\/2022\/03\/arquidiocesebahiaiavcbf.com_.br_-300x200.jpg\" class=\"pt-cv-thumbnail\" alt=\"\" srcset=\"https:\/\/saojosedoipiranga.com.br\/new\/wp-content\/uploads\/2022\/03\/arquidiocesebahiaiavcbf.com_.br_-300x200.jpg 300w, https:\/\/saojosedoipiranga.com.br\/new\/wp-content\/uploads\/2022\/03\/arquidiocesebahiaiavcbf.com_.br_-500x333.jpg 500w, https:\/\/saojosedoipiranga.com.br\/new\/wp-content\/uploads\/2022\/03\/arquidiocesebahiaiavcbf.com_.br_.jpg 750w\" sizes=\"(max-width: 300px) 100vw, 300px\" \/><\/a>\n<h4 class=\"pt-cv-title\"><a href=\"https:\/\/saojosedoipiranga.com.br\/new\/2022\/04\/06\/domingo-de-ramos\/\" class=\"_self\" target=\"_self\" >Domingo de Ramos<\/a><\/h4>\n<div class=\"pt-cv-content\">\u00c9 o dia em que celebramos a \"entrada triunfal\" de Jesus em Jerusal\u00e9m. Exatamente uma semana antes da sua ressurrei\u00e7\u00e3o ...<br \/><div class=\"pt-cv-rmwrap\"><a href=\"https:\/\/saojosedoipiranga.com.br\/new\/2022\/04\/06\/domingo-de-ramos\/\" class=\"_self pt-cv-readmore btn btn-success\" target=\"_self\">Leia Mais<\/a><\/div><\/div><\/div><\/div>\n<div class=\"col-md-6 col-sm-6 col-xs-12 pt-cv-content-item pt-cv-1-col\" ><div class='pt-cv-ifield'><a href=\"https:\/\/saojosedoipiranga.com.br\/new\/2020\/07\/10\/pra-voce-o-que-e-ser-igreja-hoje\/\" class=\"_self pt-cv-href-thumbnail pt-cv-thumb-default\" target=\"_self\" ><img decoding=\"async\" width=\"300\" height=\"300\" src=\"https:\/\/saojosedoipiranga.com.br\/new\/wp-content\/uploads\/2020\/07\/WhatsApp-Image-2020-07-10-at-13.56.52-300x300.jpeg\" class=\"pt-cv-thumbnail\" alt=\"\" srcset=\"https:\/\/saojosedoipiranga.com.br\/new\/wp-content\/uploads\/2020\/07\/WhatsApp-Image-2020-07-10-at-13.56.52-300x300.jpeg 300w, https:\/\/saojosedoipiranga.com.br\/new\/wp-content\/uploads\/2020\/07\/WhatsApp-Image-2020-07-10-at-13.56.52-150x150.jpeg 150w, https:\/\/saojosedoipiranga.com.br\/new\/wp-content\/uploads\/2020\/07\/WhatsApp-Image-2020-07-10-at-13.56.52-768x768.jpeg 768w, https:\/\/saojosedoipiranga.com.br\/new\/wp-content\/uploads\/2020\/07\/WhatsApp-Image-2020-07-10-at-13.56.52.jpeg 816w\" sizes=\"(max-width: 300px) 100vw, 300px\" \/><\/a>\n<h4 class=\"pt-cv-title\"><a href=\"https:\/\/saojosedoipiranga.com.br\/new\/2020\/07\/10\/pra-voce-o-que-e-ser-igreja-hoje\/\" class=\"_self\" target=\"_self\" >Pra voc\u00ea o que \u00e9 ser Igreja hoje?<\/a><\/h4>\n<div class=\"pt-cv-content\">Neste tempo de pandemia passamos por diversas experi\u00eancias de vida, certo?! O Pe. Valden\u00edcio convida voc\u00ea a pensar e meditar ...<br \/><div class=\"pt-cv-rmwrap\"><a href=\"https:\/\/saojosedoipiranga.com.br\/new\/2020\/07\/10\/pra-voce-o-que-e-ser-igreja-hoje\/\" class=\"_self pt-cv-readmore btn btn-success\" target=\"_self\">Leia Mais<\/a><\/div><\/div><\/div><\/div>\n<div class=\"col-md-6 col-sm-6 col-xs-12 pt-cv-content-item pt-cv-1-col\" ><div class='pt-cv-ifield'><a href=\"https:\/\/saojosedoipiranga.com.br\/new\/2020\/06\/23\/26-06-tem-pos-encontro\/\" class=\"_self pt-cv-href-thumbnail pt-cv-thumb-default\" target=\"_self\" ><img loading=\"lazy\" decoding=\"async\" width=\"300\" height=\"300\" src=\"https:\/\/saojosedoipiranga.com.br\/new\/wp-content\/uploads\/2020\/06\/POS_20200626-300x300.png\" class=\"pt-cv-thumbnail\" alt=\"\" srcset=\"https:\/\/saojosedoipiranga.com.br\/new\/wp-content\/uploads\/2020\/06\/POS_20200626-300x300.png 300w, https:\/\/saojosedoipiranga.com.br\/new\/wp-content\/uploads\/2020\/06\/POS_20200626-1024x1024.png 1024w, https:\/\/saojosedoipiranga.com.br\/new\/wp-content\/uploads\/2020\/06\/POS_20200626-150x150.png 150w, https:\/\/saojosedoipiranga.com.br\/new\/wp-content\/uploads\/2020\/06\/POS_20200626-768x768.png 768w, https:\/\/saojosedoipiranga.com.br\/new\/wp-content\/uploads\/2020\/06\/POS_20200626.png 1080w\" sizes=\"(max-width: 300px) 100vw, 300px\" \/><\/a>\n<h4 class=\"pt-cv-title\"><a href=\"https:\/\/saojosedoipiranga.com.br\/new\/2020\/06\/23\/26-06-tem-pos-encontro\/\" class=\"_self\" target=\"_self\" >26\/06 &#8211; Tem P\u00f3s Encontro<\/a><\/h4>\n<div class=\"pt-cv-content\">Estavam com saudades?...Dia 26\/06 tem P\u00f3s Encontro com J\u00e9ssica e Rodolfo... e \"Se eu fosse voc\u00ea...\" n\u00e3o perdia, anota a\u00ed ...<br \/><div class=\"pt-cv-rmwrap\"><a href=\"https:\/\/saojosedoipiranga.com.br\/new\/2020\/06\/23\/26-06-tem-pos-encontro\/\" class=\"_self pt-cv-readmore btn btn-success\" target=\"_self\">Leia Mais<\/a><\/div><\/div><\/div><\/div>\n<div class=\"col-md-6 col-sm-6 col-xs-12 pt-cv-content-item pt-cv-1-col\" ><div class='pt-cv-ifield'><a href=\"https:\/\/saojosedoipiranga.com.br\/new\/2020\/06\/10\/um-comunicado-importante-a-toda-comunidade-do-e-c-c\/\" class=\"_self pt-cv-href-thumbnail pt-cv-thumb-default\" target=\"_self\" ><img loading=\"lazy\" decoding=\"async\" width=\"300\" height=\"300\" src=\"https:\/\/saojosedoipiranga.com.br\/new\/wp-content\/uploads\/2020\/06\/POST_20200610-300x300.jpg\" class=\"pt-cv-thumbnail\" alt=\"\" srcset=\"https:\/\/saojosedoipiranga.com.br\/new\/wp-content\/uploads\/2020\/06\/POST_20200610-300x300.jpg 300w, https:\/\/saojosedoipiranga.com.br\/new\/wp-content\/uploads\/2020\/06\/POST_20200610-1024x1024.jpg 1024w, https:\/\/saojosedoipiranga.com.br\/new\/wp-content\/uploads\/2020\/06\/POST_20200610-150x150.jpg 150w, https:\/\/saojosedoipiranga.com.br\/new\/wp-content\/uploads\/2020\/06\/POST_20200610-768x768.jpg 768w, https:\/\/saojosedoipiranga.com.br\/new\/wp-content\/uploads\/2020\/06\/POST_20200610.jpg 1080w\" sizes=\"(max-width: 300px) 100vw, 300px\" \/><\/a>\n<h4 class=\"pt-cv-title\"><a href=\"https:\/\/saojosedoipiranga.com.br\/new\/2020\/06\/10\/um-comunicado-importante-a-toda-comunidade-do-e-c-c\/\" class=\"_self\" target=\"_self\" >Um comunicado importante a toda comunidade do E.C.C<\/a><\/h4>\n<div class=\"pt-cv-content\">Vamos falar de Networking colaborativa? Em vista do que vem acontecendo nos v\u00e1rios grupos de whatsapp, o grupo de dirigentes ...<br \/><div class=\"pt-cv-rmwrap\"><a href=\"https:\/\/saojosedoipiranga.com.br\/new\/2020\/06\/10\/um-comunicado-importante-a-toda-comunidade-do-e-c-c\/\" class=\"_self pt-cv-readmore btn btn-success\" target=\"_self\">Leia Mais<\/a><\/div><\/div><\/div><\/div>\n<div class=\"col-md-6 col-sm-6 col-xs-12 pt-cv-content-item pt-cv-1-col\" ><div class='pt-cv-ifield'><a href=\"https:\/\/saojosedoipiranga.com.br\/new\/2020\/06\/10\/12-06-tem-pos-encontro\/\" class=\"_self pt-cv-href-thumbnail pt-cv-thumb-default\" target=\"_self\" ><img loading=\"lazy\" decoding=\"async\" width=\"300\" height=\"300\" src=\"https:\/\/saojosedoipiranga.com.br\/new\/wp-content\/uploads\/2020\/06\/POS_20200612_TEMA-300x300.jpg\" class=\"pt-cv-thumbnail\" alt=\"\" srcset=\"https:\/\/saojosedoipiranga.com.br\/new\/wp-content\/uploads\/2020\/06\/POS_20200612_TEMA-300x300.jpg 300w, https:\/\/saojosedoipiranga.com.br\/new\/wp-content\/uploads\/2020\/06\/POS_20200612_TEMA-1024x1024.jpg 1024w, https:\/\/saojosedoipiranga.com.br\/new\/wp-content\/uploads\/2020\/06\/POS_20200612_TEMA-150x150.jpg 150w, https:\/\/saojosedoipiranga.com.br\/new\/wp-content\/uploads\/2020\/06\/POS_20200612_TEMA-768x768.jpg 768w, https:\/\/saojosedoipiranga.com.br\/new\/wp-content\/uploads\/2020\/06\/POS_20200612_TEMA.jpg 1080w\" sizes=\"(max-width: 300px) 100vw, 300px\" \/><\/a>\n<h4 class=\"pt-cv-title\"><a href=\"https:\/\/saojosedoipiranga.com.br\/new\/2020\/06\/10\/12-06-tem-pos-encontro\/\" class=\"_self\" target=\"_self\" >12\/06 &#8211; Tem P\u00f3s Encontro<\/a><\/h4>\n<div class=\"pt-cv-content\">Dia 12\/06 (Sexta-Feira tem p\u00f3s encontro, preparamos uma live especial e vamos falar, adivinham?....De Amor, o casal Rodrigo e Mikaelly ...<br \/><div class=\"pt-cv-rmwrap\"><a href=\"https:\/\/saojosedoipiranga.com.br\/new\/2020\/06\/10\/12-06-tem-pos-encontro\/\" class=\"_self pt-cv-readmore btn btn-success\" target=\"_self\">Leia Mais<\/a><\/div><\/div><\/div><\/div>\n<div class=\"col-md-6 col-sm-6 col-xs-12 pt-cv-content-item pt-cv-1-col\" ><div class='pt-cv-ifield'><a href=\"https:\/\/saojosedoipiranga.com.br\/new\/2020\/05\/25\/29-05-tem-pos-encontro\/\" class=\"_self pt-cv-href-thumbnail pt-cv-thumb-default\" target=\"_self\" ><img loading=\"lazy\" decoding=\"async\" width=\"300\" height=\"300\" src=\"https:\/\/saojosedoipiranga.com.br\/new\/wp-content\/uploads\/2020\/05\/Tema_PosEncontro_2905-300x300.png\" class=\"pt-cv-thumbnail\" alt=\"\" srcset=\"https:\/\/saojosedoipiranga.com.br\/new\/wp-content\/uploads\/2020\/05\/Tema_PosEncontro_2905-300x300.png 300w, https:\/\/saojosedoipiranga.com.br\/new\/wp-content\/uploads\/2020\/05\/Tema_PosEncontro_2905-1024x1024.png 1024w, https:\/\/saojosedoipiranga.com.br\/new\/wp-content\/uploads\/2020\/05\/Tema_PosEncontro_2905-150x150.png 150w, https:\/\/saojosedoipiranga.com.br\/new\/wp-content\/uploads\/2020\/05\/Tema_PosEncontro_2905-768x768.png 768w, https:\/\/saojosedoipiranga.com.br\/new\/wp-content\/uploads\/2020\/05\/Tema_PosEncontro_2905.png 1080w\" sizes=\"(max-width: 300px) 100vw, 300px\" \/><\/a>\n<h4 class=\"pt-cv-title\"><a href=\"https:\/\/saojosedoipiranga.com.br\/new\/2020\/05\/25\/29-05-tem-pos-encontro\/\" class=\"_self\" target=\"_self\" >29\/05 Tem P\u00f3s Encontro<\/a><\/h4>\n<div class=\"pt-cv-content\">O P\u00f3s Encontro est\u00e1 a todo vapor, a equipe de dirigentes est\u00e1 preparando mais uma live especial e voc\u00ea \u00e9 ...<br \/><div class=\"pt-cv-rmwrap\"><a href=\"https:\/\/saojosedoipiranga.com.br\/new\/2020\/05\/25\/29-05-tem-pos-encontro\/\" class=\"_self pt-cv-readmore btn btn-success\" target=\"_self\">Leia Mais<\/a><\/div><\/div><\/div><\/div>\n<div class=\"col-md-6 col-sm-6 col-xs-12 pt-cv-content-item pt-cv-1-col\" ><div class='pt-cv-ifield'><a href=\"https:\/\/saojosedoipiranga.com.br\/new\/2020\/05\/16\/o-pos-encontro-esta-de-volta\/\" class=\"_self pt-cv-href-thumbnail pt-cv-thumb-default\" target=\"_self\" ><img loading=\"lazy\" decoding=\"async\" width=\"300\" height=\"300\" src=\"https:\/\/saojosedoipiranga.com.br\/new\/wp-content\/uploads\/2020\/05\/O_Pos_voltando-300x300.png\" class=\"pt-cv-thumbnail\" alt=\"\" srcset=\"https:\/\/saojosedoipiranga.com.br\/new\/wp-content\/uploads\/2020\/05\/O_Pos_voltando-300x300.png 300w, https:\/\/saojosedoipiranga.com.br\/new\/wp-content\/uploads\/2020\/05\/O_Pos_voltando-1024x1024.png 1024w, https:\/\/saojosedoipiranga.com.br\/new\/wp-content\/uploads\/2020\/05\/O_Pos_voltando-150x150.png 150w, https:\/\/saojosedoipiranga.com.br\/new\/wp-content\/uploads\/2020\/05\/O_Pos_voltando-768x768.png 768w, https:\/\/saojosedoipiranga.com.br\/new\/wp-content\/uploads\/2020\/05\/O_Pos_voltando.png 1080w\" sizes=\"(max-width: 300px) 100vw, 300px\" \/><\/a>\n<h4 class=\"pt-cv-title\"><a href=\"https:\/\/saojosedoipiranga.com.br\/new\/2020\/05\/16\/o-pos-encontro-esta-de-volta\/\" class=\"_self\" target=\"_self\" >O P\u00f3s encontro est\u00e1 de volta<\/a><\/h4>\n<div class=\"pt-cv-content\">Sim o P\u00f3s est\u00e1 de volta, faremos uma live no pr\u00f3ximo dia 22\/05 \u00e0s 20hs. Neste dia o casal Edson ...<br \/><div class=\"pt-cv-rmwrap\"><a href=\"https:\/\/saojosedoipiranga.com.br\/new\/2020\/05\/16\/o-pos-encontro-esta-de-volta\/\" class=\"_self pt-cv-readmore btn btn-success\" target=\"_self\">Leia Mais<\/a><\/div><\/div><\/div><\/div>\n<div class=\"col-md-6 col-sm-6 col-xs-12 pt-cv-content-item pt-cv-1-col\" ><div class='pt-cv-ifield'><a href=\"https:\/\/saojosedoipiranga.com.br\/new\/2020\/05\/10\/homenagem-as-maes-e-a-maria\/\" class=\"_self pt-cv-href-thumbnail pt-cv-thumb-default\" target=\"_self\" ><img loading=\"lazy\" decoding=\"async\" width=\"300\" height=\"300\" src=\"https:\/\/saojosedoipiranga.com.br\/new\/wp-content\/uploads\/2020\/05\/Homenagem_Maes-300x300.jpg\" class=\"pt-cv-thumbnail\" alt=\"\" srcset=\"https:\/\/saojosedoipiranga.com.br\/new\/wp-content\/uploads\/2020\/05\/Homenagem_Maes-300x300.jpg 300w, https:\/\/saojosedoipiranga.com.br\/new\/wp-content\/uploads\/2020\/05\/Homenagem_Maes-1024x1024.jpg 1024w, https:\/\/saojosedoipiranga.com.br\/new\/wp-content\/uploads\/2020\/05\/Homenagem_Maes-150x150.jpg 150w, https:\/\/saojosedoipiranga.com.br\/new\/wp-content\/uploads\/2020\/05\/Homenagem_Maes-768x768.jpg 768w, https:\/\/saojosedoipiranga.com.br\/new\/wp-content\/uploads\/2020\/05\/Homenagem_Maes.jpg 1200w\" sizes=\"(max-width: 300px) 100vw, 300px\" \/><\/a>\n<h4 class=\"pt-cv-title\"><a href=\"https:\/\/saojosedoipiranga.com.br\/new\/2020\/05\/10\/homenagem-as-maes-e-a-maria\/\" class=\"_self\" target=\"_self\" >Homenagem \u00e0s M\u00e3es e a Maria<\/a><\/h4>\n<div class=\"pt-cv-content\"> ...<br \/><div class=\"pt-cv-rmwrap\"><a href=\"https:\/\/saojosedoipiranga.com.br\/new\/2020\/05\/10\/homenagem-as-maes-e-a-maria\/\" class=\"_self pt-cv-readmore btn btn-success\" target=\"_self\">Leia Mais<\/a><\/div><\/div><\/div><\/div>\n<div class=\"col-md-6 col-sm-6 col-xs-12 pt-cv-content-item pt-cv-1-col\" ><div class='pt-cv-ifield'><a href=\"https:\/\/saojosedoipiranga.com.br\/new\/2020\/03\/23\/encontro-de-casais-com-cristo-do-mes-de-maio-foi-adiado\/\" class=\"_self pt-cv-href-thumbnail pt-cv-thumb-default\" target=\"_self\" ><img loading=\"lazy\" decoding=\"async\" width=\"217\" height=\"300\" src=\"https:\/\/saojosedoipiranga.com.br\/new\/wp-content\/uploads\/2020\/03\/comunicado-217x300.png\" class=\"pt-cv-thumbnail\" alt=\"\" srcset=\"https:\/\/saojosedoipiranga.com.br\/new\/wp-content\/uploads\/2020\/03\/comunicado-217x300.png 217w, https:\/\/saojosedoipiranga.com.br\/new\/wp-content\/uploads\/2020\/03\/comunicado.png 600w\" sizes=\"(max-width: 217px) 100vw, 217px\" \/><\/a>\n<h4 class=\"pt-cv-title\"><a href=\"https:\/\/saojosedoipiranga.com.br\/new\/2020\/03\/23\/encontro-de-casais-com-cristo-do-mes-de-maio-foi-adiado\/\" class=\"_self\" target=\"_self\" >Encontro de Casais com Cristo do m\u00eas de Maio foi adiado<\/a><\/h4>\n<div class=\"pt-cv-content\"> ...<br \/><div class=\"pt-cv-rmwrap\"><a href=\"https:\/\/saojosedoipiranga.com.br\/new\/2020\/03\/23\/encontro-de-casais-com-cristo-do-mes-de-maio-foi-adiado\/\" class=\"_self pt-cv-readmore btn btn-success\" target=\"_self\">Leia Mais<\/a><\/div><\/div><\/div><\/div><\/div><\/div><\/div>\n\n    <div class=\"xs_social_share_widget xs_share_url after_content \t\tmain_content  wslu-style-1 wslu-share-box-shaped wslu-fill-colored wslu-none wslu-share-horizontal wslu-theme-font-no wslu-main_content\">\n\n\t\t\n        <ul>\n\t\t\t        <\/ul>\n    <\/div> \n","protected":false},"excerpt":{"rendered":"<p>Encontro de Casais com Cristo O ECC \u00e9 um movimento da Igreja Cat\u00f3lica, no qual tem por objetivo evangelizar casais e coloca-los na experi\u00eancia de viver no amor de Cristo,&hellip; <br \/> <a class=\"read-more\" href=\"https:\/\/saojosedoipiranga.com.br\/new\/pastorais\/ecc-encontro-de-casais-com-cristo\/\">Leia mais<\/a><\/p>\n","protected":false},"author":3,"featured_media":2618,"parent":64,"menu_order":0,"comment_status":"closed","ping_status":"closed","template":"page-templates\/fullwidth.php","meta":{"_vp_format_video_url":"","_vp_image_focal_point":[],"footnotes":""},"class_list":["post-292","page","type-page","status-publish","has-post-thumbnail","hentry"],"_links":{"self":[{"href":"https:\/\/saojosedoipiranga.com.br\/new\/wp-json\/wp\/v2\/pages\/292","targetHints":{"allow":["GET"]}}],"collection":[{"href":"https:\/\/saojosedoipiranga.com.br\/new\/wp-json\/wp\/v2\/pages"}],"about":[{"href":"https:\/\/saojosedoipiranga.com.br\/new\/wp-json\/wp\/v2\/types\/page"}],"author":[{"embeddable":true,"href":"https:\/\/saojosedoipiranga.com.br\/new\/wp-json\/wp\/v2\/users\/3"}],"replies":[{"embeddable":true,"href":"https:\/\/saojosedoipiranga.com.br\/new\/wp-json\/wp\/v2\/comments?post=292"}],"version-history":[{"count":10,"href":"https:\/\/saojosedoipiranga.com.br\/new\/wp-json\/wp\/v2\/pages\/292\/revisions"}],"predecessor-version":[{"id":5155,"href":"https:\/\/saojosedoipiranga.com.br\/new\/wp-json\/wp\/v2\/pages\/292\/revisions\/5155"}],"up":[{"embeddable":true,"href":"https:\/\/saojosedoipiranga.com.br\/new\/wp-json\/wp\/v2\/pages\/64"}],"wp:featuredmedia":[{"embeddable":true,"href":"https:\/\/saojosedoipiranga.com.br\/new\/wp-json\/wp\/v2\/media\/2618"}],"wp:attachment":[{"href":"https:\/\/saojosedoipiranga.com.br\/new\/wp-json\/wp\/v2\/media?parent=292"}],"curies":[{"name":"wp","href":"https:\/\/api.w.org\/{rel}","templated":true}]}}